{"id":14926,"date":"2024-06-26T14:02:08","date_gmt":"2024-06-26T11:02:08","guid":{"rendered":"https:\/\/rentbikecrete.gr\/product\/trek-domane-slr\/"},"modified":"2024-06-26T14:02:08","modified_gmt":"2024-06-26T11:02:08","slug":"trek-domane-slr","status":"publish","type":"product","link":"https:\/\/rentbikecrete.gr\/fr\/produit\/trek-domane-slr\/","title":{"rendered":"Trek Domane SLR"},"content":{"rendered":"<p>Roulez comme un pro. Cadre Advanced-Grade Composite, pivot enti\u00e8rement composite, freins \u00e0 disque, pneus 32mm, p\u00e9dalier : power pro 33-46t, vitesses sram rival etap, roues \u00e0 disque en carbone, cassette sram 12 vitesses, 10&#215;36<\/p>\n","protected":false},"excerpt":{"rendered":"<p>Roulez comme un pro. Cadre Advanced-Grade Composite, pivot enti\u00e8rement composite, freins \u00e0 disque, pneus 32mm, p\u00e9dalier : power pro 33-46t, vitesses sram rival etap, roues \u00e0 disque en carbone, cassette sram 12 vitesses, 10&#215;36<\/p>\n","protected":false},"featured_media":14847,"template":"","meta":[],"product_brand":[],"product_cat":[852,936],"product_tag":[931,933],"class_list":{"0":"post-14926","1":"product","2":"type-product","3":"status-publish","4":"has-post-thumbnail","6":"product_cat-location-de-velos","7":"product_cat-velo-de-course","8":"product_tag-cube-fr","9":"product_tag-road-bike-fr","10":"description-off","12":"first","13":"instock","14":"shipping-taxable","15":"product-type-redq_rental"},"yoast_head":"<!-- This site is optimized with the Yoast SEO plugin v25.5 - https:\/\/yoast.com\/wordpress\/plugins\/seo\/ -->\n<title>Location de v\u00e9los de route \u00e0 partir de Malia et Stalis - Trek Domane SLR<\/title>\n<meta name=\"robots\" content=\"index, follow, max-snippet:-1, max-image-preview:large, max-video-preview:-1\" \/>\n<link rel=\"canonical\" href=\"https:\/\/rentbikecrete.gr\/fr\/produit\/trek-domane-slr\/\" \/>\n<meta property=\"og:locale\" content=\"fr_FR\" \/>\n<meta property=\"og:type\" content=\"article\" \/>\n<meta property=\"og:title\" content=\"Location de v\u00e9los de route \u00e0 partir de Malia et Stalis - Trek Domane SLR\" \/>\n<meta property=\"og:description\" content=\"Roulez comme un pro. Cadre Advanced-Grade Composite, pivot enti\u00e8rement composite, freins \u00e0 disque, pneus 32mm, p\u00e9dalier : power pro 33-46t, vitesses sram rival etap, roues \u00e0 disque en carbone, cassette sram 12 vitesses, 10&#215;36\" \/>\n<meta property=\"og:url\" content=\"https:\/\/rentbikecrete.gr\/fr\/produit\/trek-domane-slr\/\" \/>\n<meta property=\"og:site_name\" content=\"Location de v\u00e9los \u00e9lectriques depuis Stalis et Malia\" \/>\n<meta property=\"article:publisher\" content=\"https:\/\/www.facebook.com\/travelincretecom\" \/>\n<meta property=\"og:image\" content=\"https:\/\/rentbikecrete.gr\/wp-content\/uploads\/2024\/06\/Trek_Domane_SLR_Road_bike.jpg\" \/>\n\t<meta property=\"og:image:width\" content=\"400\" \/>\n\t<meta property=\"og:image:height\" content=\"238\" \/>\n\t<meta property=\"og:image:type\" content=\"image\/jpeg\" \/>\n<meta name=\"twitter:card\" content=\"summary_large_image\" \/>\n<script type=\"application\/ld+json\" class=\"yoast-schema-graph\">{\"@context\":\"https:\/\/schema.org\",\"@graph\":[{\"@type\":\"WebPage\",\"@id\":\"https:\/\/rentbikecrete.gr\/fr\/produit\/trek-domane-slr\/\",\"url\":\"https:\/\/rentbikecrete.gr\/fr\/produit\/trek-domane-slr\/\",\"name\":\"Location de v\u00e9los de route \u00e0 partir de Malia et Stalis - Trek Domane SLR\",\"isPartOf\":{\"@id\":\"https:\/\/rentbikecrete.gr\/fr\/#website\"},\"primaryImageOfPage\":{\"@id\":\"https:\/\/rentbikecrete.gr\/fr\/produit\/trek-domane-slr\/#primaryimage\"},\"image\":{\"@id\":\"https:\/\/rentbikecrete.gr\/fr\/produit\/trek-domane-slr\/#primaryimage\"},\"thumbnailUrl\":\"https:\/\/rentbikecrete.gr\/wp-content\/uploads\/2024\/06\/Trek_Domane_SLR_Road_bike.jpg\",\"datePublished\":\"2024-06-26T11:02:08+00:00\",\"breadcrumb\":{\"@id\":\"https:\/\/rentbikecrete.gr\/fr\/produit\/trek-domane-slr\/#breadcrumb\"},\"inLanguage\":\"fr-FR\",\"potentialAction\":[{\"@type\":\"ReadAction\",\"target\":[\"https:\/\/rentbikecrete.gr\/fr\/produit\/trek-domane-slr\/\"]}]},{\"@type\":\"ImageObject\",\"inLanguage\":\"fr-FR\",\"@id\":\"https:\/\/rentbikecrete.gr\/fr\/produit\/trek-domane-slr\/#primaryimage\",\"url\":\"https:\/\/rentbikecrete.gr\/wp-content\/uploads\/2024\/06\/Trek_Domane_SLR_Road_bike.jpg\",\"contentUrl\":\"https:\/\/rentbikecrete.gr\/wp-content\/uploads\/2024\/06\/Trek_Domane_SLR_Road_bike.jpg\",\"width\":400,\"height\":238},{\"@type\":\"BreadcrumbList\",\"@id\":\"https:\/\/rentbikecrete.gr\/fr\/produit\/trek-domane-slr\/#breadcrumb\",\"itemListElement\":[{\"@type\":\"ListItem\",\"position\":1,\"name\":\"Home\",\"item\":\"https:\/\/rentbikecrete.gr\/fr\/\"},{\"@type\":\"ListItem\",\"position\":2,\"name\":\"Boutique\",\"item\":\"https:\/\/rentbikecrete.gr\/fr\/boutique\/\"},{\"@type\":\"ListItem\",\"position\":3,\"name\":\"Trek Domane SLR\"}]},{\"@type\":\"WebSite\",\"@id\":\"https:\/\/rentbikecrete.gr\/fr\/#website\",\"url\":\"https:\/\/rentbikecrete.gr\/fr\/\",\"name\":\"Rent Bike Crete\",\"description\":\"Location de v\u00e9los depuis Stalis et Malia\",\"publisher\":{\"@id\":\"https:\/\/rentbikecrete.gr\/fr\/#organization\"},\"alternateName\":\"Bicycle Rental Crete\",\"potentialAction\":[{\"@type\":\"SearchAction\",\"target\":{\"@type\":\"EntryPoint\",\"urlTemplate\":\"https:\/\/rentbikecrete.gr\/fr\/?s={search_term_string}\"},\"query-input\":{\"@type\":\"PropertyValueSpecification\",\"valueRequired\":true,\"valueName\":\"search_term_string\"}}],\"inLanguage\":\"fr-FR\"},{\"@type\":\"Organization\",\"@id\":\"https:\/\/rentbikecrete.gr\/fr\/#organization\",\"name\":\"Rent Bike Crete by Travel in Crete\",\"alternateName\":\"Travel in Crete\",\"url\":\"https:\/\/rentbikecrete.gr\/fr\/\",\"logo\":{\"@type\":\"ImageObject\",\"inLanguage\":\"fr-FR\",\"@id\":\"https:\/\/rentbikecrete.gr\/fr\/#\/schema\/logo\/image\/\",\"url\":\"https:\/\/rentbikecrete.gr\/wp-content\/uploads\/2024\/06\/rent-bike-crete-logo.png\",\"contentUrl\":\"https:\/\/rentbikecrete.gr\/wp-content\/uploads\/2024\/06\/rent-bike-crete-logo.png\",\"width\":359,\"height\":140,\"caption\":\"Rent Bike Crete by Travel in Crete\"},\"image\":{\"@id\":\"https:\/\/rentbikecrete.gr\/fr\/#\/schema\/logo\/image\/\"},\"sameAs\":[\"https:\/\/www.facebook.com\/travelincretecom\",\"https:\/\/www.tiktok.com\/@travelincrete.com\",\"https:\/\/www.instagram.com\/travelincrete.gr\"]}]}<\/script>\n<!-- \/ Yoast SEO plugin. -->","yoast_head_json":{"title":"Location de v\u00e9los de route \u00e0 partir de Malia et Stalis - Trek Domane SLR","robots":{"index":"index","follow":"follow","max-snippet":"max-snippet:-1","max-image-preview":"max-image-preview:large","max-video-preview":"max-video-preview:-1"},"canonical":"https:\/\/rentbikecrete.gr\/fr\/produit\/trek-domane-slr\/","og_locale":"fr_FR","og_type":"article","og_title":"Location de v\u00e9los de route \u00e0 partir de Malia et Stalis - Trek Domane SLR","og_description":"Roulez comme un pro. Cadre Advanced-Grade Composite, pivot enti\u00e8rement composite, freins \u00e0 disque, pneus 32mm, p\u00e9dalier : power pro 33-46t, vitesses sram rival etap, roues \u00e0 disque en carbone, cassette sram 12 vitesses, 10&#215;36","og_url":"https:\/\/rentbikecrete.gr\/fr\/produit\/trek-domane-slr\/","og_site_name":"Location de v\u00e9los \u00e9lectriques depuis Stalis et Malia","article_publisher":"https:\/\/www.facebook.com\/travelincretecom","og_image":[{"width":400,"height":238,"url":"https:\/\/rentbikecrete.gr\/wp-content\/uploads\/2024\/06\/Trek_Domane_SLR_Road_bike.jpg","type":"image\/jpeg"}],"twitter_card":"summary_large_image","schema":{"@context":"https:\/\/schema.org","@graph":[{"@type":"WebPage","@id":"https:\/\/rentbikecrete.gr\/fr\/produit\/trek-domane-slr\/","url":"https:\/\/rentbikecrete.gr\/fr\/produit\/trek-domane-slr\/","name":"Location de v\u00e9los de route \u00e0 partir de Malia et Stalis - Trek Domane SLR","isPartOf":{"@id":"https:\/\/rentbikecrete.gr\/fr\/#website"},"primaryImageOfPage":{"@id":"https:\/\/rentbikecrete.gr\/fr\/produit\/trek-domane-slr\/#primaryimage"},"image":{"@id":"https:\/\/rentbikecrete.gr\/fr\/produit\/trek-domane-slr\/#primaryimage"},"thumbnailUrl":"https:\/\/rentbikecrete.gr\/wp-content\/uploads\/2024\/06\/Trek_Domane_SLR_Road_bike.jpg","datePublished":"2024-06-26T11:02:08+00:00","breadcrumb":{"@id":"https:\/\/rentbikecrete.gr\/fr\/produit\/trek-domane-slr\/#breadcrumb"},"inLanguage":"fr-FR","potentialAction":[{"@type":"ReadAction","target":["https:\/\/rentbikecrete.gr\/fr\/produit\/trek-domane-slr\/"]}]},{"@type":"ImageObject","inLanguage":"fr-FR","@id":"https:\/\/rentbikecrete.gr\/fr\/produit\/trek-domane-slr\/#primaryimage","url":"https:\/\/rentbikecrete.gr\/wp-content\/uploads\/2024\/06\/Trek_Domane_SLR_Road_bike.jpg","contentUrl":"https:\/\/rentbikecrete.gr\/wp-content\/uploads\/2024\/06\/Trek_Domane_SLR_Road_bike.jpg","width":400,"height":238},{"@type":"BreadcrumbList","@id":"https:\/\/rentbikecrete.gr\/fr\/produit\/trek-domane-slr\/#breadcrumb","itemListElement":[{"@type":"ListItem","position":1,"name":"Home","item":"https:\/\/rentbikecrete.gr\/fr\/"},{"@type":"ListItem","position":2,"name":"Boutique","item":"https:\/\/rentbikecrete.gr\/fr\/boutique\/"},{"@type":"ListItem","position":3,"name":"Trek Domane SLR"}]},{"@type":"WebSite","@id":"https:\/\/rentbikecrete.gr\/fr\/#website","url":"https:\/\/rentbikecrete.gr\/fr\/","name":"Rent Bike Crete","description":"Location de v\u00e9los depuis Stalis et Malia","publisher":{"@id":"https:\/\/rentbikecrete.gr\/fr\/#organization"},"alternateName":"Bicycle Rental Crete","potentialAction":[{"@type":"SearchAction","target":{"@type":"EntryPoint","urlTemplate":"https:\/\/rentbikecrete.gr\/fr\/?s={search_term_string}"},"query-input":{"@type":"PropertyValueSpecification","valueRequired":true,"valueName":"search_term_string"}}],"inLanguage":"fr-FR"},{"@type":"Organization","@id":"https:\/\/rentbikecrete.gr\/fr\/#organization","name":"Rent Bike Crete by Travel in Crete","alternateName":"Travel in Crete","url":"https:\/\/rentbikecrete.gr\/fr\/","logo":{"@type":"ImageObject","inLanguage":"fr-FR","@id":"https:\/\/rentbikecrete.gr\/fr\/#\/schema\/logo\/image\/","url":"https:\/\/rentbikecrete.gr\/wp-content\/uploads\/2024\/06\/rent-bike-crete-logo.png","contentUrl":"https:\/\/rentbikecrete.gr\/wp-content\/uploads\/2024\/06\/rent-bike-crete-logo.png","width":359,"height":140,"caption":"Rent Bike Crete by Travel in Crete"},"image":{"@id":"https:\/\/rentbikecrete.gr\/fr\/#\/schema\/logo\/image\/"},"sameAs":["https:\/\/www.facebook.com\/travelincretecom","https:\/\/www.tiktok.com\/@travelincrete.com","https:\/\/www.instagram.com\/travelincrete.gr"]}]}},"_links":{"self":[{"href":"https:\/\/rentbikecrete.gr\/fr\/wp-json\/wp\/v2\/product\/14926","targetHints":{"allow":["GET"]}}],"collection":[{"href":"https:\/\/rentbikecrete.gr\/fr\/wp-json\/wp\/v2\/product"}],"about":[{"href":"https:\/\/rentbikecrete.gr\/fr\/wp-json\/wp\/v2\/types\/product"}],"wp:featuredmedia":[{"embeddable":true,"href":"https:\/\/rentbikecrete.gr\/fr\/wp-json\/wp\/v2\/media\/14847"}],"wp:attachment":[{"href":"https:\/\/rentbikecrete.gr\/fr\/wp-json\/wp\/v2\/media?parent=14926"}],"wp:term":[{"taxonomy":"product_brand","embeddable":true,"href":"https:\/\/rentbikecrete.gr\/fr\/wp-json\/wp\/v2\/product_brand?post=14926"},{"taxonomy":"product_cat","embeddable":true,"href":"https:\/\/rentbikecrete.gr\/fr\/wp-json\/wp\/v2\/product_cat?post=14926"},{"taxonomy":"product_tag","embeddable":true,"href":"https:\/\/rentbikecrete.gr\/fr\/wp-json\/wp\/v2\/product_tag?post=14926"}],"curies":[{"name":"wp","href":"https:\/\/api.w.org\/{rel}","templated":true}]}}